{"id":964,"date":"2025-06-02T11:29:12","date_gmt":"2025-06-02T09:29:12","guid":{"rendered":"https:\/\/festirural.org\/?page_id=964"},"modified":"2025-06-02T11:48:14","modified_gmt":"2025-06-02T09:48:14","slug":"nos-intervenants","status":"publish","type":"page","link":"http:\/\/festirural.org\/index.php\/nos-intervenants\/","title":{"rendered":"Nos intervenants"},"content":{"rendered":"\n<h2 class=\"wp-block-heading has-text-align-center\"><strong>\ud83c\udfa4 Conf\u00e9rences et Tables Rondes<\/strong><\/h2>\n\n\n\n<hr class=\"wp-block-separator has-alpha-channel-opacity\"\/>\n\n\n\n<p><strong>Val\u00e9rie Jousseaume<\/strong><\/p>\n\n\n\n<p class=\"has-text-align-left\">G\u00e9ographe, enseignante-chercheuse \u00e0 l\u2019Universit\u00e9 de Nantes. Sp\u00e9cialiste des territoires ruraux et de leur transition.<br>\u2192 Elle donne la conf\u00e9rence d\u2019ouverture : <em>\u00ab L\u2019avenir est dans les campagnes \u00bb<\/em>.<\/p>\n\n\n\n<p><strong>Fr\u00e8re Fran\u00e7ois Cassingena<\/strong><\/p>\n\n\n\n<p>Moine b\u00e9n\u00e9dictin, \u00e9crivain, po\u00e8te et ouvrier agricole dans le Cantal.<br>\u2192 Participe \u00e0 une table ronde sur l\u2019\u00e9cologie et interviendra aussi en librairie.<\/p>\n\n\n\n<p><strong>Michel-Maxime Egger<\/strong><\/p>\n\n\n\n<p>\u00c9coth\u00e9ologien orthodoxe, sp\u00e9cialiste de l\u2019\u00e9cospiritualit\u00e9.<br>\u2192 Intervient dans deux temps forts : table ronde \u00ab \u00e9cologie et relation \u00bb et foi et engagement chr\u00e9tien.<\/p>\n\n\n\n<p><strong>Mathieu Calame<\/strong><\/p>\n\n\n\n<p>Sp\u00e9cialiste des questions agricoles, directeur de la Fondation Charles L\u00e9opold Mayer.<br>\u2192 Intervient dans la table ronde <em>\u00ab Quelle agriculture pour demain ? \u00bb<\/em>.<\/p>\n\n\n\n<p><strong>Samuel Bonvoisin<\/strong><\/p>\n\n\n\n<p>Expert en gestion durable de l\u2019eau.<br>\u2192 Donne une conf\u00e9rence : <em>\u00ab Comment cultiver l\u2019eau ? \u00bb<\/em>.<\/p>\n\n\n\n<p><strong>Elena Lasida<\/strong><\/p>\n\n\n\n<p>\u00c9conomiste et th\u00e9ologienne, professeure \u00e0 l\u2019Institut catholique de Paris.<br>\u2192 Intervient sur les dimensions sociales et \u00e9thiques de l\u2019\u00e9cologie.<\/p>\n\n\n\n<p><strong>Julien Dossier<\/strong><\/p>\n\n\n\n<p>Conf\u00e9rencier et auteur engag\u00e9 sur la transition \u00e9cologique.<br>\u2192 Intervient \u00e0 la table ronde <em>\u00ab L\u2019\u00e9cologie, une culture de la relation \u00bb<\/em>.<\/p>\n\n\n\n<p><strong>Jean-Paul Gobin<\/strong><\/p>\n\n\n\n<p>Militant \u00e0 la Conf\u00e9d\u00e9ration Paysanne 79, membre du CMR.<br>\u2192 Intervient sur la question de la privatisation de l\u2019eau et des mod\u00e8les agricoles.<\/p>\n\n\n\n<p><strong>Fran\u00e7oise-Edmonde Morin<\/strong><\/p>\n\n\n\n<p>Journaliste, auteure et copr\u00e9sidente de l\u2019association Relier.<br>\u2192 Intervient sur l\u2019acc\u00e8s aux soins et l\u2019autonomie des femmes en milieu rural.<\/p>\n\n\n\n<p><strong>Nathalie Senesse<\/strong><\/p>\n\n\n\n<p>Fondatrice de l\u2019association <em>Menthe et Santal &#8211; La sant\u00e9 mentale on en parle<\/em>.<br>\u2192 Intervient sur l\u2019isolement en milieu rural.<\/p>\n\n\n\n<p><strong>Daphn\u00e9 Chamard<\/strong><\/p>\n\n\n\n<p>Responsable mobilit\u00e9 au Secours Catholique.<br>\u2192 Pr\u00e9sente l\u2019\u00e9tude <em>\u00ab Territoires ruraux : en panne de mobilit\u00e9 \u00bb<\/em>.<\/p>\n\n\n\n<p><strong>Mathieu Jacquot<\/strong><\/p>\n\n\n\n<p>Membre de la coop\u00e9rative de mobilit\u00e9 partag\u00e9e <em>Mobicoop<\/em>.<br>\u2192 Apporte une exp\u00e9rience concr\u00e8te d\u2019alternatives \u00e0 la voiture individuelle.<\/p>\n\n\n\n<p><strong>H\u00e9l\u00e8ne et Michel Jacquemin<\/strong><\/p>\n\n\n\n<p>Citoyens engag\u00e9s de l\u2019Aveyron.<br>\u2192 T\u00e9moignent de leur exp\u00e9rience en lien avec les questions de mobilit\u00e9.<\/p>\n\n\n\n<p><strong>Emmanuel Correia<\/strong><\/p>\n\n\n\n<p>Pasteur protestant.<br>\u2192 Intervient \u00e0 la table ronde <em>\u00ab Foi et engagement pour un monde durable \u00bb<\/em>.<\/p>\n\n\n\n<p><strong>C\u00e9cile Vacher<\/strong><\/p>\n\n\n\n<p>D\u00e9l\u00e9gu\u00e9e du dioc\u00e8se de Saint-Flour \u00e0 l\u2019\u00e9cologie int\u00e9grale.<br>\u2192 T\u00e9moigne de l\u2019engagement de l\u2019\u00c9glise catholique.<\/p>\n\n\n\n<p><strong>Dominique Potier<\/strong><\/p>\n\n\n\n<p>D\u00e9put\u00e9 de Meurthe-et-Moselle, initiateur de la loi sur le devoir de vigilance des multinationales.<br>\u2192 Intervient sur les enjeux de solidarit\u00e9 internationale.<\/p>\n\n\n\n<p><strong>Isabelle Hector Butz &amp; Dominique de Vivi\u00e8s<\/strong><\/p>\n\n\n\n<p>Membres du CCFD-Terre Solidaire.<br>\u2192 Apportent leur expertise en solidarit\u00e9 internationale.<\/p>\n\n\n\n<p><strong>Philip Biswas &amp; George Fernandez<\/strong><\/p>\n\n\n\n<p>Pr\u00e9sident et Secr\u00e9taire g\u00e9n\u00e9ral de la FIMARC (Bangladesh et Inde).<br>\u2192 Repr\u00e9sentants internationaux du mouvement d\u2019action catholique rural.<\/p>\n\n\n\n<p><strong>Caroline Guinot<\/strong><\/p>\n\n\n\n<p>Ing\u00e9nieure agronome engag\u00e9e.<br>\u2192 Intervient sur les liens entre agriculture et environnement.<\/p>\n\n\n\n<hr \/>\n\n\n\n<h2 class=\"wp-block-heading has-text-align-center\"><strong>\ud83c\udfad Arts &amp; Culture<\/strong><\/h2>\n\n\n\n<hr class=\"wp-block-separator has-alpha-channel-opacity\"\/>\n\n\n\n<p><strong>Juliane Stern<\/strong><\/p>\n\n\n\n<p>Autrice de la pi\u00e8ce de th\u00e9\u00e2tre <em>\u00ab Tact \u00bb<\/em>, inspir\u00e9e de t\u00e9moignages du monde du travail.<\/p>\n\n\n\n<p><strong>Fanny Dekkhari<\/strong><\/p>\n\n\n\n<p>Conteuse.<br>\u2192 Anime des balades cont\u00e9es pour petits et grands.<\/p>\n\n\n\n<p><strong>Michel Doudou Sen<\/strong><\/p>\n\n\n\n<p>Pr\u00e9sident du MARC (S\u00e9n\u00e9gal), \u00e9leveur laitier.<br>\u2192 T\u00e9moigne dans le cin\u00e9-d\u00e9bat autour du film <em>La train\u00e9e de poudre<\/em>.<\/p>\n\n\n\n<hr \/>\n\n\n\n<h2 class=\"wp-block-heading has-text-align-center\"><strong>\ud83d\udde3\ufe0f Acteurs politiques et associatifs<\/strong><\/h2>\n\n\n\n<hr class=\"wp-block-separator has-alpha-channel-opacity\"\/>\n\n\n\n<p><strong>Mathilde Hignet<\/strong><\/p>\n\n\n\n<p>D\u00e9put\u00e9e d\u2019Ille-et-Vilaine.<br>\u2192 Intervient sur l\u2019avenir des territoires ruraux.<\/p>\n\n\n\n<p><strong>Bruno Faure<\/strong><\/p>\n\n\n\n<p>Pr\u00e9sident du Conseil d\u00e9partemental du Cantal (sous r\u00e9serve).<br>\u2192 Pr\u00e9sence mentionn\u00e9e \u00e0 plusieurs reprises.<\/p>\n\n\n\n<p><strong>Manon Rousselot Payet<\/strong><\/p>\n\n\n\n<p>Pr\u00e9sidente nationale du MRJC (Mouvement Rural de Jeunesse Chr\u00e9tienne).<\/p>\n\n\n\n<p><strong>Pascal Herv\u00e9<\/strong><\/p>\n\n\n\n<p>Maire de Bazouges-la-P\u00e9rouse (sous r\u00e9serve).<\/p>\n\n\n\n<p><strong>Philippe Branchereau<\/strong><\/p>\n\n\n\n<p>Membre de l&rsquo;association <em>EOLA<\/em> (projets d\u2019\u00e9nergie citoyenne dans le Pays d\u2019Ancenis).<br>\u2192 Intervient sur la r\u00e9appropriation citoyenne de l\u2019\u00e9nergie.<\/p>\n","protected":false},"excerpt":{"rendered":"<p>\ud83c\udfa4 Conf\u00e9rences et Tables Rondes Val\u00e9rie Jousseaume G\u00e9ographe, enseignante-chercheuse \u00e0 l\u2019Universit\u00e9 de Nantes. Sp\u00e9cialiste des territoires ruraux et de leur transition.\u2192 Elle donne la conf\u00e9rence d\u2019ouverture : \u00ab L\u2019avenir est dans les campagnes \u00bb. Fr\u00e8re Fran\u00e7ois Cassingena Moine b\u00e9n\u00e9dictin, \u00e9crivain, po\u00e8te et ouvrier agricole dans le Cantal.\u2192 Participe \u00e0 une table ronde sur l\u2019\u00e9cologie et [&hellip;]<\/p>\n","protected":false},"author":1,"featured_media":0,"parent":0,"menu_order":0,"comment_status":"closed","ping_status":"closed","template":"","meta":{"_eb_attr":"","footnotes":""},"class_list":["post-964","page","type-page","status-publish","hentry","entry"],"yoast_head":"<!-- This site is optimized with the Yoast SEO plugin v24.8.1 - https:\/\/yoast.com\/wordpress\/plugins\/seo\/ -->\n<title>Nos intervenants - Festi&#039;Rural 2025<\/title>\n<meta name=\"robots\" content=\"index, follow, max-snippet:-1, max-image-preview:large, max-video-preview:-1\" \/>\n<link rel=\"canonical\" href=\"https:\/\/festirural.org\/index.php\/nos-intervenants\/\" \/>\n<meta property=\"og:locale\" content=\"fr_FR\" \/>\n<meta property=\"og:type\" content=\"article\" \/>\n<meta property=\"og:title\" content=\"Nos intervenants - Festi&#039;Rural 2025\" \/>\n<meta property=\"og:description\" content=\"\ud83c\udfa4 Conf\u00e9rences et Tables Rondes Val\u00e9rie Jousseaume G\u00e9ographe, enseignante-chercheuse \u00e0 l\u2019Universit\u00e9 de Nantes. Sp\u00e9cialiste des territoires ruraux et de leur transition.\u2192 Elle donne la conf\u00e9rence d\u2019ouverture : \u00ab L\u2019avenir est dans les campagnes \u00bb. Fr\u00e8re Fran\u00e7ois Cassingena Moine b\u00e9n\u00e9dictin, \u00e9crivain, po\u00e8te et ouvrier agricole dans le Cantal.\u2192 Participe \u00e0 une table ronde sur l\u2019\u00e9cologie et [&hellip;]\" \/>\n<meta property=\"og:url\" content=\"https:\/\/festirural.org\/index.php\/nos-intervenants\/\" \/>\n<meta property=\"og:site_name\" content=\"Festi&#039;Rural 2025\" \/>\n<meta property=\"article:modified_time\" content=\"2025-06-02T09:48:14+00:00\" \/>\n<meta name=\"twitter:card\" content=\"summary_large_image\" \/>\n<meta name=\"twitter:label1\" content=\"Dur\u00e9e de lecture estim\u00e9e\" \/>\n\t<meta name=\"twitter:data1\" content=\"3 minutes\" \/>\n<script type=\"application\/ld+json\" class=\"yoast-schema-graph\">{\"@context\":\"https:\/\/schema.org\",\"@graph\":[{\"@type\":\"WebPage\",\"@id\":\"https:\/\/festirural.org\/index.php\/nos-intervenants\/\",\"url\":\"https:\/\/festirural.org\/index.php\/nos-intervenants\/\",\"name\":\"Nos intervenants - Festi&#039;Rural 2025\",\"isPartOf\":{\"@id\":\"https:\/\/festirural.org\/#website\"},\"datePublished\":\"2025-06-02T09:29:12+00:00\",\"dateModified\":\"2025-06-02T09:48:14+00:00\",\"breadcrumb\":{\"@id\":\"https:\/\/festirural.org\/index.php\/nos-intervenants\/#breadcrumb\"},\"inLanguage\":\"fr-FR\",\"potentialAction\":[{\"@type\":\"ReadAction\",\"target\":[\"https:\/\/festirural.org\/index.php\/nos-intervenants\/\"]}]},{\"@type\":\"BreadcrumbList\",\"@id\":\"https:\/\/festirural.org\/index.php\/nos-intervenants\/#breadcrumb\",\"itemListElement\":[{\"@type\":\"ListItem\",\"position\":1,\"name\":\"Accueil\",\"item\":\"https:\/\/festirural.org\/\"},{\"@type\":\"ListItem\",\"position\":2,\"name\":\"Nos intervenants\"}]},{\"@type\":\"WebSite\",\"@id\":\"https:\/\/festirural.org\/#website\",\"url\":\"https:\/\/festirural.org\/\",\"name\":\"Festi&#039;Rural 2025\",\"description\":\"Le Lioran - Cantal\",\"publisher\":{\"@id\":\"https:\/\/festirural.org\/#organization\"},\"potentialAction\":[{\"@type\":\"SearchAction\",\"target\":{\"@type\":\"EntryPoint\",\"urlTemplate\":\"https:\/\/festirural.org\/?s={search_term_string}\"},\"query-input\":{\"@type\":\"PropertyValueSpecification\",\"valueRequired\":true,\"valueName\":\"search_term_string\"}}],\"inLanguage\":\"fr-FR\"},{\"@type\":\"Organization\",\"@id\":\"https:\/\/festirural.org\/#organization\",\"name\":\"Festi&#039;Rural 2025\",\"url\":\"https:\/\/festirural.org\/\",\"logo\":{\"@type\":\"ImageObject\",\"inLanguage\":\"fr-FR\",\"@id\":\"https:\/\/festirural.org\/#\/schema\/logo\/image\/\",\"url\":\"http:\/\/festirural.org\/wp-content\/uploads\/2024\/09\/cropped-cropped-2024-06-21_16h16_46-removebg-preview.png\",\"contentUrl\":\"http:\/\/festirural.org\/wp-content\/uploads\/2024\/09\/cropped-cropped-2024-06-21_16h16_46-removebg-preview.png\",\"width\":571,\"height\":428,\"caption\":\"Festi&#039;Rural 2025\"},\"image\":{\"@id\":\"https:\/\/festirural.org\/#\/schema\/logo\/image\/\"}}]}<\/script>\n<!-- \/ Yoast SEO plugin. -->","yoast_head_json":{"title":"Nos intervenants - Festi&#039;Rural 2025","robots":{"index":"index","follow":"follow","max-snippet":"max-snippet:-1","max-image-preview":"max-image-preview:large","max-video-preview":"max-video-preview:-1"},"canonical":"https:\/\/festirural.org\/index.php\/nos-intervenants\/","og_locale":"fr_FR","og_type":"article","og_title":"Nos intervenants - Festi&#039;Rural 2025","og_description":"\ud83c\udfa4 Conf\u00e9rences et Tables Rondes Val\u00e9rie Jousseaume G\u00e9ographe, enseignante-chercheuse \u00e0 l\u2019Universit\u00e9 de Nantes. Sp\u00e9cialiste des territoires ruraux et de leur transition.\u2192 Elle donne la conf\u00e9rence d\u2019ouverture : \u00ab L\u2019avenir est dans les campagnes \u00bb. Fr\u00e8re Fran\u00e7ois Cassingena Moine b\u00e9n\u00e9dictin, \u00e9crivain, po\u00e8te et ouvrier agricole dans le Cantal.\u2192 Participe \u00e0 une table ronde sur l\u2019\u00e9cologie et [&hellip;]","og_url":"https:\/\/festirural.org\/index.php\/nos-intervenants\/","og_site_name":"Festi&#039;Rural 2025","article_modified_time":"2025-06-02T09:48:14+00:00","twitter_card":"summary_large_image","twitter_misc":{"Dur\u00e9e de lecture estim\u00e9e":"3 minutes"},"schema":{"@context":"https:\/\/schema.org","@graph":[{"@type":"WebPage","@id":"https:\/\/festirural.org\/index.php\/nos-intervenants\/","url":"https:\/\/festirural.org\/index.php\/nos-intervenants\/","name":"Nos intervenants - Festi&#039;Rural 2025","isPartOf":{"@id":"https:\/\/festirural.org\/#website"},"datePublished":"2025-06-02T09:29:12+00:00","dateModified":"2025-06-02T09:48:14+00:00","breadcrumb":{"@id":"https:\/\/festirural.org\/index.php\/nos-intervenants\/#breadcrumb"},"inLanguage":"fr-FR","potentialAction":[{"@type":"ReadAction","target":["https:\/\/festirural.org\/index.php\/nos-intervenants\/"]}]},{"@type":"BreadcrumbList","@id":"https:\/\/festirural.org\/index.php\/nos-intervenants\/#breadcrumb","itemListElement":[{"@type":"ListItem","position":1,"name":"Accueil","item":"https:\/\/festirural.org\/"},{"@type":"ListItem","position":2,"name":"Nos intervenants"}]},{"@type":"WebSite","@id":"https:\/\/festirural.org\/#website","url":"https:\/\/festirural.org\/","name":"Festi&#039;Rural 2025","description":"Le Lioran - Cantal","publisher":{"@id":"https:\/\/festirural.org\/#organization"},"potentialAction":[{"@type":"SearchAction","target":{"@type":"EntryPoint","urlTemplate":"https:\/\/festirural.org\/?s={search_term_string}"},"query-input":{"@type":"PropertyValueSpecification","valueRequired":true,"valueName":"search_term_string"}}],"inLanguage":"fr-FR"},{"@type":"Organization","@id":"https:\/\/festirural.org\/#organization","name":"Festi&#039;Rural 2025","url":"https:\/\/festirural.org\/","logo":{"@type":"ImageObject","inLanguage":"fr-FR","@id":"https:\/\/festirural.org\/#\/schema\/logo\/image\/","url":"http:\/\/festirural.org\/wp-content\/uploads\/2024\/09\/cropped-cropped-2024-06-21_16h16_46-removebg-preview.png","contentUrl":"http:\/\/festirural.org\/wp-content\/uploads\/2024\/09\/cropped-cropped-2024-06-21_16h16_46-removebg-preview.png","width":571,"height":428,"caption":"Festi&#039;Rural 2025"},"image":{"@id":"https:\/\/festirural.org\/#\/schema\/logo\/image\/"}}]}},"_links":{"self":[{"href":"http:\/\/festirural.org\/index.php\/wp-json\/wp\/v2\/pages\/964","targetHints":{"allow":["GET"]}}],"collection":[{"href":"http:\/\/festirural.org\/index.php\/wp-json\/wp\/v2\/pages"}],"about":[{"href":"http:\/\/festirural.org\/index.php\/wp-json\/wp\/v2\/types\/page"}],"author":[{"embeddable":true,"href":"http:\/\/festirural.org\/index.php\/wp-json\/wp\/v2\/users\/1"}],"replies":[{"embeddable":true,"href":"http:\/\/festirural.org\/index.php\/wp-json\/wp\/v2\/comments?post=964"}],"version-history":[{"count":7,"href":"http:\/\/festirural.org\/index.php\/wp-json\/wp\/v2\/pages\/964\/revisions"}],"predecessor-version":[{"id":975,"href":"http:\/\/festirural.org\/index.php\/wp-json\/wp\/v2\/pages\/964\/revisions\/975"}],"wp:attachment":[{"href":"http:\/\/festirural.org\/index.php\/wp-json\/wp\/v2\/media?parent=964"}],"curies":[{"name":"wp","href":"https:\/\/api.w.org\/{rel}","templated":true}]}}