{"id":42,"date":"2024-09-16T15:32:57","date_gmt":"2024-09-16T13:32:57","guid":{"rendered":"https:\/\/festirural.org\/?page_id=42"},"modified":"2025-02-17T14:08:33","modified_gmt":"2025-02-17T13:08:33","slug":"a-propos","status":"publish","type":"page","link":"http:\/\/festirural.org\/index.php\/a-propos\/","title":{"rendered":"Qui sommes nous ?"},"content":{"rendered":"\t\t<div data-elementor-type=\"wp-page\" data-elementor-id=\"42\" class=\"elementor elementor-42\">\n\t\t\t\t<div class=\"elementor-element elementor-element-417afa6 e-flex e-con-boxed e-con e-parent\" data-id=\"417afa6\" data-element_type=\"container\">\n\t\t\t\t\t<div class=\"e-con-inner\">\n\t\t\t\t<div class=\"elementor-element elementor-element-982b1dc elementor-widget elementor-widget-heading\" data-id=\"982b1dc\" data-element_type=\"widget\" data-widget_type=\"heading.default\">\n\t\t\t\t<div class=\"elementor-widget-container\">\n\t\t\t\t\t<h2 class=\"elementor-heading-title elementor-size-default\"><h1 class=\"wp-block-heading has-text-align-center has-black-color has-text-color has-link-color has-x-large-font-size\" style=\"font-variant-ligatures: normal; font-variant-caps: normal; font-style: normal; white-space-collapse: collapse; font-size: var(--wp--preset--font-size--x-large) !important;\">Un Festival Engag\u00e9<\/h1> <\/h2>\t\t\t\t<\/div>\n\t\t\t\t<\/div>\n\t\t\t\t\t<\/div>\n\t\t\t\t<\/div>\n\t\t<div class=\"elementor-element elementor-element-bb6c11d e-flex e-con-boxed e-con e-parent\" data-id=\"bb6c11d\" data-element_type=\"container\" data-settings=\"{&quot;background_background&quot;:&quot;classic&quot;}\">\n\t\t\t\t\t<div class=\"e-con-inner\">\n\t\t<div class=\"elementor-element elementor-element-2f9b1a1 e-flex e-con-boxed e-con e-child\" data-id=\"2f9b1a1\" data-element_type=\"container\">\n\t\t\t\t\t<div class=\"e-con-inner\">\n\t\t\t\t<div class=\"elementor-element elementor-element-09ac598 elementor-widget elementor-widget-text-editor\" data-id=\"09ac598\" data-element_type=\"widget\" data-widget_type=\"text-editor.default\">\n\t\t\t\t<div class=\"elementor-widget-container\">\n\t\t\t\t\t\t\t\t\t<p>Le Festi&rsquo;Rural est un festival engag\u00e9 qui c\u00e9l\u00e8bre la vitalit\u00e9 des territoires ruraux et l&rsquo;implication de celles et ceux qui les font vivre. Organis\u00e9 par l&rsquo;association Chr\u00e9tiens dans le Monde rural, cet \u00e9v\u00e9nement met en lumi\u00e8re les initiatives locales, l&rsquo;agriculture durable, et la solidarit\u00e9.<\/p>\n<p><!-- \/wp:paragraph --><\/p>\n<p><!-- wp:paragraph --><\/p>\n<p>Au programme: des rencontres, des animations, et des \u00e9changes autour des d\u00e9fis et des richesses de la vie rurale. Plus qu&rsquo;un festival, le Festi&rsquo;Rural est un espace de partage et d&rsquo;inspiration pour tous ceux qui souhaitent contribuer \u00e0 un monde rural plus juste et solidaire.<\/p>\t\t\t\t\t\t\t\t<\/div>\n\t\t\t\t<\/div>\n\t\t\t\t\t<\/div>\n\t\t\t\t<\/div>\n\t\t\t\t<div class=\"elementor-element elementor-element-9ef427c elementor-widget elementor-widget-spacer\" data-id=\"9ef427c\" data-element_type=\"widget\" data-widget_type=\"spacer.default\">\n\t\t\t\t<div class=\"elementor-widget-container\">\n\t\t\t\t\t\t\t<div class=\"elementor-spacer\">\n\t\t\t<div class=\"elementor-spacer-inner\"><\/div>\n\t\t<\/div>\n\t\t\t\t\t\t<\/div>\n\t\t\t\t<\/div>\n\t\t\t\t\t<\/div>\n\t\t\t\t<\/div>\n\t\t<div class=\"elementor-element elementor-element-057f49d e-flex e-con-boxed e-con e-parent\" data-id=\"057f49d\" data-element_type=\"container\">\n\t\t\t\t\t<div class=\"e-con-inner\">\n\t\t<div class=\"elementor-element elementor-element-6babf0b e-con-full e-flex e-con e-child\" data-id=\"6babf0b\" data-element_type=\"container\">\n\t\t\t\t<div class=\"elementor-element elementor-element-a6273d3 elementor-widget elementor-widget-heading\" data-id=\"a6273d3\" data-element_type=\"widget\" data-widget_type=\"heading.default\">\n\t\t\t\t<div class=\"elementor-widget-container\">\n\t\t\t\t\t<h2 class=\"elementor-heading-title elementor-size-default\"><h3 class=\"wp-block-heading has-text-align-center has-text-color\" style=\"padding-top: 20px; padding-bottom: 20px; font-variant-ligatures: normal; font-variant-caps: normal; line-height: 1.5; font-size: 27px; font-style: normal; font-weight: 400; color: rgb(0, 0, 0); white-space-collapse: collapse;\">Rencontres Inspirantes<span style=\"color: var( --e-global-color-primary ); font-family: var( --e-global-typography-primary-font-family ), Sans-serif; font-size: 20px; font-weight: var( --e-global-typography-primary-font-weight ); white-space-collapse: preserve;\"><\/span><\/h3><\/h2>\t\t\t\t<\/div>\n\t\t\t\t<\/div>\n\t\t\t\t<\/div>\n\t\t<div class=\"elementor-element elementor-element-6766621 e-con-full e-flex e-con e-child\" data-id=\"6766621\" data-element_type=\"container\">\n\t\t\t\t<div class=\"elementor-element elementor-element-8e13904 elementor-widget elementor-widget-heading\" data-id=\"8e13904\" data-element_type=\"widget\" data-widget_type=\"heading.default\">\n\t\t\t\t<div class=\"elementor-widget-container\">\n\t\t\t\t\t<h2 class=\"elementor-heading-title elementor-size-default\"><h3 class=\"wp-block-heading has-text-align-center has-text-color\" style=\"padding-top: 20px; padding-bottom: 20px; font-variant-ligatures: normal; font-variant-caps: normal; line-height: 1.5; font-size: 27px; font-style: normal; font-weight: 400; color: rgb(0, 0, 0); white-space-collapse: collapse;\">Village en Herbe<\/h3><\/h2>\t\t\t\t<\/div>\n\t\t\t\t<\/div>\n\t\t\t\t<\/div>\n\t\t<div class=\"elementor-element elementor-element-0e35c80 e-con-full e-flex e-con e-child\" data-id=\"0e35c80\" data-element_type=\"container\">\n\t\t\t\t<div class=\"elementor-element elementor-element-a763953 elementor-widget elementor-widget-text-editor\" data-id=\"a763953\" data-element_type=\"widget\" data-widget_type=\"text-editor.default\">\n\t\t\t\t<div class=\"elementor-widget-container\">\n\t\t\t\t\t\t\t\t\t<p>Autour de l&rsquo;Arbre \u00e0 Palabres, laissez-vous inspirer par des rencontres uniques et authentiques. Cet espace de dialogue convivial favorise les \u00e9changes informels, les partages d&rsquo;exp\u00e9riences et les r\u00e9cits de parcours inspirants. Entre agriculteurs, artisans, citoyens et penseurs, chacun est invit\u00e9 \u00e0 s\u2019exprimer, \u00e9couter et tisser des liens autour des valeurs de la ruralit\u00e9 et de la solidarit\u00e9. Venez vivre un moment de connexion humaine, riche de sens et porteur d\u2019id\u00e9es nouvelles pour le monde rural !<\/p>\t\t\t\t\t\t\t\t<\/div>\n\t\t\t\t<\/div>\n\t\t\t\t<\/div>\n\t\t<div class=\"elementor-element elementor-element-4074785 e-con-full e-flex e-con e-child\" data-id=\"4074785\" data-element_type=\"container\">\n\t\t\t\t<div class=\"elementor-element elementor-element-71bf2e8 elementor-widget elementor-widget-text-editor\" data-id=\"71bf2e8\" data-element_type=\"widget\" data-widget_type=\"text-editor.default\">\n\t\t\t\t<div class=\"elementor-widget-container\">\n\t\t\t\t\t\t\t\t\t<p>Un espace d\u00e9di\u00e9 aux enfants et adolescents con\u00e7u pour \u00e9veiller leur curiosit\u00e9 et les sensibiliser aux enjeux du monde rural ! \u00c0 travers des activit\u00e9s ludiques et interactives, ils d\u00e9couvriront l\u2019agriculture, la nature, et les savoir-faire artisanaux. Jeux \u00e9ducatifs, ateliers pratiques et animations captivantes leur permettront de s\u2019initier au respect de l\u2019environnement et \u00e0 la solidarit\u00e9 locale. Un espace o\u00f9 chacun peut s\u2019exprimer, apprendre et grandir en s&rsquo;amusant, pour construire ensemble les racines de demain !\u00a0\u00bb Encadr\u00e9 par l\u2019ACE et le MRJC.<\/p>\t\t\t\t\t\t\t\t<\/div>\n\t\t\t\t<\/div>\n\t\t\t\t<\/div>\n\t\t\t\t\t<\/div>\n\t\t\t\t<\/div>\n\t\t<div class=\"elementor-element elementor-element-09ba04a e-flex e-con-boxed e-con e-parent\" data-id=\"09ba04a\" data-element_type=\"container\">\n\t\t\t\t\t<div class=\"e-con-inner\">\n\t\t<div class=\"elementor-element elementor-element-7101d87 e-con-full e-flex e-con e-child\" data-id=\"7101d87\" data-element_type=\"container\">\n\t\t\t\t<div class=\"elementor-element elementor-element-e92de83 elementor-widget elementor-widget-heading\" data-id=\"e92de83\" data-element_type=\"widget\" data-widget_type=\"heading.default\">\n\t\t\t\t<div class=\"elementor-widget-container\">\n\t\t\t\t\t<h2 class=\"elementor-heading-title elementor-size-default\"><h3 class=\"wp-block-heading has-text-align-center has-text-color\" style=\"padding-top: 20px; padding-bottom: 20px; font-variant-ligatures: normal; font-variant-caps: normal; line-height: 1.5; font-size: 27px; font-style: normal; font-weight: 400; color: rgb(0, 0, 0); white-space-collapse: collapse;\">Conf\u00e9rences Engag\u00e9es<span style=\"color: var( --e-global-color-primary ); font-family: var( --e-global-typography-primary-font-family ), Sans-serif; font-size: 20px; font-weight: var( --e-global-typography-primary-font-weight ); white-space-collapse: preserve;\"><\/span><\/h3><\/h2>\t\t\t\t<\/div>\n\t\t\t\t<\/div>\n\t\t\t\t<\/div>\n\t\t<div class=\"elementor-element elementor-element-6019e43 e-con-full e-flex e-con e-child\" data-id=\"6019e43\" data-element_type=\"container\">\n\t\t\t\t<div class=\"elementor-element elementor-element-7a4e6c1 elementor-widget elementor-widget-heading\" data-id=\"7a4e6c1\" data-element_type=\"widget\" data-widget_type=\"heading.default\">\n\t\t\t\t<div class=\"elementor-widget-container\">\n\t\t\t\t\t<h2 class=\"elementor-heading-title elementor-size-default\"><h3 style=\"padding-top: 20px; padding-bottom: 20px; font-variant-ligatures: normal; font-variant-caps: normal; line-height: 1.5; font-size: 27px; font-style: normal; font-weight: 400; color: rgb(0, 0, 0); white-space-collapse: collapse;\">D\u00e9bats Dynamiques<span style=\"color: var( --e-global-color-primary ); font-family: var( --e-global-typography-primary-font-family ), Sans-serif; font-size: 20px; font-weight: var( --e-global-typography-primary-font-weight ); white-space-collapse: preserve; text-align: var(--text-align);\"><\/span><\/h3><\/h2>\t\t\t\t<\/div>\n\t\t\t\t<\/div>\n\t\t\t\t<\/div>\n\t\t<div class=\"elementor-element elementor-element-d542c18 e-con-full e-flex e-con e-child\" data-id=\"d542c18\" data-element_type=\"container\">\n\t\t\t\t<div class=\"elementor-element elementor-element-ee5ddc0 elementor-widget elementor-widget-text-editor\" data-id=\"ee5ddc0\" data-element_type=\"widget\" data-widget_type=\"text-editor.default\">\n\t\t\t\t<div class=\"elementor-widget-container\">\n\t\t\t\t\t\t\t\t\t<p>Les conf\u00e9rences engag\u00e9es du Festi&rsquo;rural vous invitent \u00e0 explorer des th\u00e8mes cruciaux pour l&rsquo;avenir de nos campagnes. \u00c0 travers des interventions passionnantes d&rsquo;experts, de militants et d&rsquo;acteurs locaux, plongez dans des r\u00e9flexions sur la transition \u00e9cologique, la ruralit\u00e9, les ressources naturelles\u2026. Ces conf\u00e9rences offrent un espace unique pour s\u2019informer, d\u00e9battre et s\u2019inspirer de solutions concr\u00e8tes. Venez enrichir votre vision et participer au changement !\u00a0\u00bb<\/p>\t\t\t\t\t\t\t\t<\/div>\n\t\t\t\t<\/div>\n\t\t\t\t<\/div>\n\t\t<div class=\"elementor-element elementor-element-0ed75e4 e-con-full e-flex e-con e-child\" data-id=\"0ed75e4\" data-element_type=\"container\">\n\t\t\t\t<div class=\"elementor-element elementor-element-ee2a493 elementor-widget elementor-widget-text-editor\" data-id=\"ee2a493\" data-element_type=\"widget\" data-widget_type=\"text-editor.default\">\n\t\t\t\t<div class=\"elementor-widget-container\">\n\t\t\t\t\t\t\t\t\t<p>Participez aux tables rondes du Festi&rsquo;rural ! Plongez au c\u0153ur des enjeux actuels de nos territoires ruraux, avec des \u00e9changes enrichissants et anim\u00e9s sur l&rsquo;avenir de notre agriculture, l&rsquo;\u00e9cologie ou encore la mobilit\u00e9 en rural. Ces d\u00e9bats sont l&rsquo;occasion pour chacun de s&rsquo;exprimer, d&rsquo;apprendre et de co-construire des solutions pour un monde rural plus solidaire et innovant.<\/p>\t\t\t\t\t\t\t\t<\/div>\n\t\t\t\t<\/div>\n\t\t\t\t<\/div>\n\t\t\t\t\t<\/div>\n\t\t\t\t<\/div>\n\t\t<div class=\"elementor-element elementor-element-3a185aa e-flex e-con-boxed e-con e-parent\" data-id=\"3a185aa\" data-element_type=\"container\">\n\t\t\t\t\t<div class=\"e-con-inner\">\n\t\t\t\t<div class=\"elementor-element elementor-element-3dc7e85 elementor-widget-divider--view-line elementor-widget elementor-widget-divider\" data-id=\"3dc7e85\" data-element_type=\"widget\" data-widget_type=\"divider.default\">\n\t\t\t\t<div class=\"elementor-widget-container\">\n\t\t\t\t\t\t\t<div class=\"elementor-divider\">\n\t\t\t<span class=\"elementor-divider-separator\">\n\t\t\t\t\t\t<\/span>\n\t\t<\/div>\n\t\t\t\t\t\t<\/div>\n\t\t\t\t<\/div>\n\t\t\t\t\t<\/div>\n\t\t\t\t<\/div>\n\t\t<div class=\"elementor-element elementor-element-e10485e e-flex e-con-boxed e-con e-parent\" data-id=\"e10485e\" data-element_type=\"container\">\n\t\t\t\t\t<div class=\"e-con-inner\">\n\t\t<div class=\"elementor-element elementor-element-c201001 e-con-full e-flex e-con e-child\" data-id=\"c201001\" data-element_type=\"container\">\n\t\t\t\t<div class=\"elementor-element elementor-element-1947429 elementor-widget elementor-widget-image\" data-id=\"1947429\" data-element_type=\"widget\" data-widget_type=\"image.default\">\n\t\t\t\t<div class=\"elementor-widget-container\">\n\t\t\t\t\t\t\t\t\t\t\t\t\t\t\t<img fetchpriority=\"high\" decoding=\"async\" width=\"1024\" height=\"648\" src=\"https:\/\/festirural.org\/wp-content\/uploads\/2024\/11\/2024-05-21_12h09_49.png\" class=\"attachment-large size-large wp-image-560\" alt=\"\" srcset=\"https:\/\/festirural.org\/wp-content\/uploads\/2024\/11\/2024-05-21_12h09_49.png 1024w, https:\/\/festirural.org\/wp-content\/uploads\/2024\/11\/2024-05-21_12h09_49-300x190.png 300w, https:\/\/festirural.org\/wp-content\/uploads\/2024\/11\/2024-05-21_12h09_49-768x486.png 768w\" sizes=\"(max-width: 1024px) 100vw, 1024px\" \/>\t\t\t\t\t\t\t\t\t\t\t\t\t\t\t<\/div>\n\t\t\t\t<\/div>\n\t\t\t\t<\/div>\n\t\t<div class=\"elementor-element elementor-element-e05c298 e-con-full e-flex e-con e-child\" data-id=\"e05c298\" data-element_type=\"container\">\n\t\t<div class=\"elementor-element elementor-element-b05b892 e-con-full e-flex e-con e-child\" data-id=\"b05b892\" data-element_type=\"container\">\n\t\t\t\t<div class=\"elementor-element elementor-element-a30e87e elementor-widget elementor-widget-text-editor\" data-id=\"a30e87e\" data-element_type=\"widget\" data-widget_type=\"text-editor.default\">\n\t\t\t\t<div class=\"elementor-widget-container\">\n\t\t\t\t\t\t\t\t\t<p>Le CMR, association d\u2019\u00e9ducation populaire, issue du catholicisme social, intervient depuis plus de 80 ans dans le d\u00e9veloppement des territoires ruraux par l\u2019implication de ses membres dans des actions de d\u00e9veloppement local, en s\u2019engageant dans des associations, des organisations agricoles, des collectivit\u00e9s locales. Nous sommes implant\u00e9s au sein de nombreux territoires ruraux tr\u00e8s divers, dans toute la France, y compris en Martinique.<\/p>\t\t\t\t\t\t\t\t<\/div>\n\t\t\t\t<\/div>\n\t\t\t\t<\/div>\n\t\t<div class=\"elementor-element elementor-element-1da5169 e-con-full e-flex e-con e-child\" data-id=\"1da5169\" data-element_type=\"container\">\n\t\t\t\t<div class=\"elementor-element elementor-element-f56c577 elementor-align-center elementor-widget elementor-widget-button\" data-id=\"f56c577\" data-element_type=\"widget\" data-widget_type=\"button.default\">\n\t\t\t\t<div class=\"elementor-widget-container\">\n\t\t\t\t\t\t\t\t\t<div class=\"elementor-button-wrapper\">\n\t\t\t\t\t<a class=\"elementor-button elementor-button-link elementor-size-sm elementor-animation-bob\" href=\"https:\/\/chretiens-ruraux.fr\/\" target=\"_blank\">\n\t\t\t\t\t\t<span class=\"elementor-button-content-wrapper\">\n\t\t\t\t\t\t\t\t\t<span class=\"elementor-button-text\">En savoir +<\/span>\n\t\t\t\t\t<\/span>\n\t\t\t\t\t<\/a>\n\t\t\t\t<\/div>\n\t\t\t\t\t\t\t\t<\/div>\n\t\t\t\t<\/div>\n\t\t\t\t<\/div>\n\t\t\t\t<\/div>\n\t\t\t\t\t<\/div>\n\t\t\t\t<\/div>\n\t\t<div class=\"elementor-element elementor-element-fd8707e e-flex e-con-boxed e-con e-parent\" data-id=\"fd8707e\" data-element_type=\"container\">\n\t\t\t\t\t<div class=\"e-con-inner\">\n\t\t\t\t<div class=\"elementor-element elementor-element-bf9f469 elementor-widget elementor-widget-spacer\" data-id=\"bf9f469\" data-element_type=\"widget\" data-widget_type=\"spacer.default\">\n\t\t\t\t<div class=\"elementor-widget-container\">\n\t\t\t\t\t\t\t<div class=\"elementor-spacer\">\n\t\t\t<div class=\"elementor-spacer-inner\"><\/div>\n\t\t<\/div>\n\t\t\t\t\t\t<\/div>\n\t\t\t\t<\/div>\n\t\t\t\t\t<\/div>\n\t\t\t\t<\/div>\n\t\t\t\t<\/div>\n\t\t","protected":false},"excerpt":{"rendered":"<p>Un Festival Engag\u00e9 Le Festi&rsquo;Rural est un festival engag\u00e9 qui c\u00e9l\u00e8bre la vitalit\u00e9 des territoires ruraux et l&rsquo;implication de celles et ceux qui les font vivre. Organis\u00e9 par l&rsquo;association Chr\u00e9tiens dans le Monde rural, cet \u00e9v\u00e9nement met en lumi\u00e8re les initiatives locales, l&rsquo;agriculture durable, et la solidarit\u00e9. Au programme: des rencontres, des animations, et des [&hellip;]<\/p>\n","protected":false},"author":1,"featured_media":0,"parent":0,"menu_order":0,"comment_status":"closed","ping_status":"closed","template":"","meta":{"_eb_attr":"","footnotes":""},"class_list":["post-42","page","type-page","status-publish","hentry","entry"],"yoast_head":"<!-- This site is optimized with the Yoast SEO plugin v24.8.1 - https:\/\/yoast.com\/wordpress\/plugins\/seo\/ -->\n<title>Qui sommes nous ? - Festi&#039;Rural 2025<\/title>\n<meta name=\"robots\" content=\"index, follow, max-snippet:-1, max-image-preview:large, max-video-preview:-1\" \/>\n<link rel=\"canonical\" href=\"https:\/\/festirural.org\/index.php\/a-propos\/\" \/>\n<meta property=\"og:locale\" content=\"fr_FR\" \/>\n<meta property=\"og:type\" content=\"article\" \/>\n<meta property=\"og:title\" content=\"Qui sommes nous ? - Festi&#039;Rural 2025\" \/>\n<meta property=\"og:description\" content=\"Un Festival Engag\u00e9 Le Festi&rsquo;Rural est un festival engag\u00e9 qui c\u00e9l\u00e8bre la vitalit\u00e9 des territoires ruraux et l&rsquo;implication de celles et ceux qui les font vivre. Organis\u00e9 par l&rsquo;association Chr\u00e9tiens dans le Monde rural, cet \u00e9v\u00e9nement met en lumi\u00e8re les initiatives locales, l&rsquo;agriculture durable, et la solidarit\u00e9. Au programme: des rencontres, des animations, et des [&hellip;]\" \/>\n<meta property=\"og:url\" content=\"https:\/\/festirural.org\/index.php\/a-propos\/\" \/>\n<meta property=\"og:site_name\" content=\"Festi&#039;Rural 2025\" \/>\n<meta property=\"article:modified_time\" content=\"2025-02-17T13:08:33+00:00\" \/>\n<meta property=\"og:image\" content=\"http:\/\/festirural.org\/wp-content\/uploads\/2024\/11\/2024-05-21_12h09_49.png\" \/>\n<meta name=\"twitter:card\" content=\"summary_large_image\" \/>\n<meta name=\"twitter:label1\" content=\"Dur\u00e9e de lecture estim\u00e9e\" \/>\n\t<meta name=\"twitter:data1\" content=\"3 minutes\" \/>\n<script type=\"application\/ld+json\" class=\"yoast-schema-graph\">{\"@context\":\"https:\/\/schema.org\",\"@graph\":[{\"@type\":\"WebPage\",\"@id\":\"https:\/\/festirural.org\/index.php\/a-propos\/\",\"url\":\"https:\/\/festirural.org\/index.php\/a-propos\/\",\"name\":\"Qui sommes nous ? - Festi&#039;Rural 2025\",\"isPartOf\":{\"@id\":\"https:\/\/festirural.org\/#website\"},\"primaryImageOfPage\":{\"@id\":\"https:\/\/festirural.org\/index.php\/a-propos\/#primaryimage\"},\"image\":{\"@id\":\"https:\/\/festirural.org\/index.php\/a-propos\/#primaryimage\"},\"thumbnailUrl\":\"http:\/\/festirural.org\/wp-content\/uploads\/2024\/11\/2024-05-21_12h09_49.png\",\"datePublished\":\"2024-09-16T13:32:57+00:00\",\"dateModified\":\"2025-02-17T13:08:33+00:00\",\"breadcrumb\":{\"@id\":\"https:\/\/festirural.org\/index.php\/a-propos\/#breadcrumb\"},\"inLanguage\":\"fr-FR\",\"potentialAction\":[{\"@type\":\"ReadAction\",\"target\":[\"https:\/\/festirural.org\/index.php\/a-propos\/\"]}]},{\"@type\":\"ImageObject\",\"inLanguage\":\"fr-FR\",\"@id\":\"https:\/\/festirural.org\/index.php\/a-propos\/#primaryimage\",\"url\":\"http:\/\/festirural.org\/wp-content\/uploads\/2024\/11\/2024-05-21_12h09_49.png\",\"contentUrl\":\"http:\/\/festirural.org\/wp-content\/uploads\/2024\/11\/2024-05-21_12h09_49.png\",\"width\":1024,\"height\":648},{\"@type\":\"BreadcrumbList\",\"@id\":\"https:\/\/festirural.org\/index.php\/a-propos\/#breadcrumb\",\"itemListElement\":[{\"@type\":\"ListItem\",\"position\":1,\"name\":\"Accueil\",\"item\":\"https:\/\/festirural.org\/\"},{\"@type\":\"ListItem\",\"position\":2,\"name\":\"Qui sommes nous ?\"}]},{\"@type\":\"WebSite\",\"@id\":\"https:\/\/festirural.org\/#website\",\"url\":\"https:\/\/festirural.org\/\",\"name\":\"Festi&#039;Rural 2025\",\"description\":\"Le Lioran - Cantal\",\"publisher\":{\"@id\":\"https:\/\/festirural.org\/#organization\"},\"potentialAction\":[{\"@type\":\"SearchAction\",\"target\":{\"@type\":\"EntryPoint\",\"urlTemplate\":\"https:\/\/festirural.org\/?s={search_term_string}\"},\"query-input\":{\"@type\":\"PropertyValueSpecification\",\"valueRequired\":true,\"valueName\":\"search_term_string\"}}],\"inLanguage\":\"fr-FR\"},{\"@type\":\"Organization\",\"@id\":\"https:\/\/festirural.org\/#organization\",\"name\":\"Festi&#039;Rural 2025\",\"url\":\"https:\/\/festirural.org\/\",\"logo\":{\"@type\":\"ImageObject\",\"inLanguage\":\"fr-FR\",\"@id\":\"https:\/\/festirural.org\/#\/schema\/logo\/image\/\",\"url\":\"http:\/\/festirural.org\/wp-content\/uploads\/2024\/09\/cropped-cropped-2024-06-21_16h16_46-removebg-preview.png\",\"contentUrl\":\"http:\/\/festirural.org\/wp-content\/uploads\/2024\/09\/cropped-cropped-2024-06-21_16h16_46-removebg-preview.png\",\"width\":571,\"height\":428,\"caption\":\"Festi&#039;Rural 2025\"},\"image\":{\"@id\":\"https:\/\/festirural.org\/#\/schema\/logo\/image\/\"}}]}<\/script>\n<!-- \/ Yoast SEO plugin. -->","yoast_head_json":{"title":"Qui sommes nous ? - Festi&#039;Rural 2025","robots":{"index":"index","follow":"follow","max-snippet":"max-snippet:-1","max-image-preview":"max-image-preview:large","max-video-preview":"max-video-preview:-1"},"canonical":"https:\/\/festirural.org\/index.php\/a-propos\/","og_locale":"fr_FR","og_type":"article","og_title":"Qui sommes nous ? - Festi&#039;Rural 2025","og_description":"Un Festival Engag\u00e9 Le Festi&rsquo;Rural est un festival engag\u00e9 qui c\u00e9l\u00e8bre la vitalit\u00e9 des territoires ruraux et l&rsquo;implication de celles et ceux qui les font vivre. Organis\u00e9 par l&rsquo;association Chr\u00e9tiens dans le Monde rural, cet \u00e9v\u00e9nement met en lumi\u00e8re les initiatives locales, l&rsquo;agriculture durable, et la solidarit\u00e9. Au programme: des rencontres, des animations, et des [&hellip;]","og_url":"https:\/\/festirural.org\/index.php\/a-propos\/","og_site_name":"Festi&#039;Rural 2025","article_modified_time":"2025-02-17T13:08:33+00:00","og_image":[{"url":"http:\/\/festirural.org\/wp-content\/uploads\/2024\/11\/2024-05-21_12h09_49.png","type":"","width":"","height":""}],"twitter_card":"summary_large_image","twitter_misc":{"Dur\u00e9e de lecture estim\u00e9e":"3 minutes"},"schema":{"@context":"https:\/\/schema.org","@graph":[{"@type":"WebPage","@id":"https:\/\/festirural.org\/index.php\/a-propos\/","url":"https:\/\/festirural.org\/index.php\/a-propos\/","name":"Qui sommes nous ? - Festi&#039;Rural 2025","isPartOf":{"@id":"https:\/\/festirural.org\/#website"},"primaryImageOfPage":{"@id":"https:\/\/festirural.org\/index.php\/a-propos\/#primaryimage"},"image":{"@id":"https:\/\/festirural.org\/index.php\/a-propos\/#primaryimage"},"thumbnailUrl":"http:\/\/festirural.org\/wp-content\/uploads\/2024\/11\/2024-05-21_12h09_49.png","datePublished":"2024-09-16T13:32:57+00:00","dateModified":"2025-02-17T13:08:33+00:00","breadcrumb":{"@id":"https:\/\/festirural.org\/index.php\/a-propos\/#breadcrumb"},"inLanguage":"fr-FR","potentialAction":[{"@type":"ReadAction","target":["https:\/\/festirural.org\/index.php\/a-propos\/"]}]},{"@type":"ImageObject","inLanguage":"fr-FR","@id":"https:\/\/festirural.org\/index.php\/a-propos\/#primaryimage","url":"http:\/\/festirural.org\/wp-content\/uploads\/2024\/11\/2024-05-21_12h09_49.png","contentUrl":"http:\/\/festirural.org\/wp-content\/uploads\/2024\/11\/2024-05-21_12h09_49.png","width":1024,"height":648},{"@type":"BreadcrumbList","@id":"https:\/\/festirural.org\/index.php\/a-propos\/#breadcrumb","itemListElement":[{"@type":"ListItem","position":1,"name":"Accueil","item":"https:\/\/festirural.org\/"},{"@type":"ListItem","position":2,"name":"Qui sommes nous ?"}]},{"@type":"WebSite","@id":"https:\/\/festirural.org\/#website","url":"https:\/\/festirural.org\/","name":"Festi&#039;Rural 2025","description":"Le Lioran - Cantal","publisher":{"@id":"https:\/\/festirural.org\/#organization"},"potentialAction":[{"@type":"SearchAction","target":{"@type":"EntryPoint","urlTemplate":"https:\/\/festirural.org\/?s={search_term_string}"},"query-input":{"@type":"PropertyValueSpecification","valueRequired":true,"valueName":"search_term_string"}}],"inLanguage":"fr-FR"},{"@type":"Organization","@id":"https:\/\/festirural.org\/#organization","name":"Festi&#039;Rural 2025","url":"https:\/\/festirural.org\/","logo":{"@type":"ImageObject","inLanguage":"fr-FR","@id":"https:\/\/festirural.org\/#\/schema\/logo\/image\/","url":"http:\/\/festirural.org\/wp-content\/uploads\/2024\/09\/cropped-cropped-2024-06-21_16h16_46-removebg-preview.png","contentUrl":"http:\/\/festirural.org\/wp-content\/uploads\/2024\/09\/cropped-cropped-2024-06-21_16h16_46-removebg-preview.png","width":571,"height":428,"caption":"Festi&#039;Rural 2025"},"image":{"@id":"https:\/\/festirural.org\/#\/schema\/logo\/image\/"}}]}},"_links":{"self":[{"href":"http:\/\/festirural.org\/index.php\/wp-json\/wp\/v2\/pages\/42","targetHints":{"allow":["GET"]}}],"collection":[{"href":"http:\/\/festirural.org\/index.php\/wp-json\/wp\/v2\/pages"}],"about":[{"href":"http:\/\/festirural.org\/index.php\/wp-json\/wp\/v2\/types\/page"}],"author":[{"embeddable":true,"href":"http:\/\/festirural.org\/index.php\/wp-json\/wp\/v2\/users\/1"}],"replies":[{"embeddable":true,"href":"http:\/\/festirural.org\/index.php\/wp-json\/wp\/v2\/comments?post=42"}],"version-history":[{"count":50,"href":"http:\/\/festirural.org\/index.php\/wp-json\/wp\/v2\/pages\/42\/revisions"}],"predecessor-version":[{"id":915,"href":"http:\/\/festirural.org\/index.php\/wp-json\/wp\/v2\/pages\/42\/revisions\/915"}],"wp:attachment":[{"href":"http:\/\/festirural.org\/index.php\/wp-json\/wp\/v2\/media?parent=42"}],"curies":[{"name":"wp","href":"https:\/\/api.w.org\/{rel}","templated":true}]}}