{"id":38,"date":"2024-09-16T15:31:56","date_gmt":"2024-09-16T13:31:56","guid":{"rendered":"https:\/\/festirural.org\/?page_id=38"},"modified":"2025-06-22T21:01:27","modified_gmt":"2025-06-22T19:01:27","slug":"festirural","status":"publish","type":"page","link":"http:\/\/festirural.org\/","title":{"rendered":"accueil"},"content":{"rendered":"\n<p><\/p>\n\n\n\n<p><\/p>\n\n\n\n<p><\/p>\n\n\n\n<div class=\"wp-block-cover alignfull\" style=\"padding-top:2%;min-height:60rem;aspect-ratio:unset;\"><img fetchpriority=\"high\" decoding=\"async\" width=\"1024\" height=\"1024\" class=\"wp-block-cover__image-background wp-image-809\" alt=\"\" src=\"https:\/\/festirural.org\/wp-content\/uploads\/2024\/11\/festival.jpg\" data-object-fit=\"cover\" srcset=\"http:\/\/festirural.org\/wp-content\/uploads\/2024\/11\/festival.jpg 1024w, http:\/\/festirural.org\/wp-content\/uploads\/2024\/11\/festival-300x300.jpg 300w, http:\/\/festirural.org\/wp-content\/uploads\/2024\/11\/festival-150x150.jpg 150w, http:\/\/festirural.org\/wp-content\/uploads\/2024\/11\/festival-768x768.jpg 768w, http:\/\/festirural.org\/wp-content\/uploads\/2024\/11\/festival-600x600.jpg 600w\" sizes=\"(max-width: 1024px) 100vw, 1024px\" \/><span aria-hidden=\"true\" class=\"wp-block-cover__background has-background-dim-0 has-background-dim\" style=\"background-color:#776a5b\"><\/span><div class=\"wp-block-cover__inner-container is-layout-constrained wp-container-core-cover-is-layout-a807f0f6 wp-block-cover-is-layout-constrained\">\n<div class=\"wp-block-group alignwide is-vertical is-content-justification-center is-layout-flex wp-container-core-group-is-layout-73a99bce wp-block-group-is-layout-flex\" style=\"min-height:35rem\">\n<div class=\"wp-block-group\"><div class=\"wp-block-group__inner-container is-layout-constrained wp-container-core-group-is-layout-f1a726e3 wp-block-group-is-layout-constrained\">\n<h3 class=\"wp-block-heading has-text-align-center has-text-color has-hedvig-letters-serif-regular-font-family\" style=\"color:#ffffff;margin-bottom:1rem;font-size:9.1rem;font-style:normal;font-weight:400;line-height:1;text-transform:none\">Festi&rsquo;Rural<\/h3>\n\n\n\n<p class=\"has-text-align-center has-text-color has-link-color wp-elements-ba59df6902387cd048d6f6ba13085684\" style=\"color:#ffffff;font-size:1.5rem\"><strong>22.23.24 Aout 2025<\/strong><\/p>\n\n\n\n<div class=\"wp-block-group is-content-justification-center\" style=\"margin-top:30px\"><div class=\"wp-block-group__inner-container is-layout-constrained wp-container-core-group-is-layout-19a62e8e wp-block-group-is-layout-constrained\">\n<div class=\"wp-block-buttons is-horizontal is-content-justification-right is-layout-flex wp-container-core-buttons-is-layout-783e43c9 wp-block-buttons-is-layout-flex\" style=\"margin-top:0.21rem\">\n<div class=\"wp-block-button has-custom-width wp-block-button__width-100 is-style-fill\"><a class=\"wp-block-button__link has-white-color has-luminous-vivid-amber-background-color has-text-color has-background has-custom-font-size wp-element-button\" href=\"https:\/\/festirural.org\/index.php\/billetterie\/\" style=\"border-style:none;border-width:0px;border-radius:2.5rem;padding-top:1.1rem;padding-right:0.81rem;padding-bottom:1.1rem;padding-left:0.81rem;font-size:1.7rem;font-style:normal;font-weight:500;line-height:1;text-transform:capitalize\">Billetterie <\/a><\/div>\n<\/div>\n<\/div><\/div>\n<\/div><\/div>\n<\/div>\n<\/div><\/div>\n\n\n\n<section class=\"wp-block-group alignfull has-text-color has-background\" style=\"color:#212121;background-color:#f5f5f5;margin-top:0rem;padding-right:1rem;padding-left:1rem;font-size:1.13rem;font-style:normal;font-weight:400;line-height:1.5\"><div class=\"wp-block-group__inner-container is-layout-constrained wp-container-core-group-is-layout-9c0dc3fd wp-block-group-is-layout-constrained\">\n<div class=\"wp-block-columns is-layout-flex wp-container-core-columns-is-layout-9d6595d7 wp-block-columns-is-layout-flex\">\n<div class=\"wp-block-column is-layout-flow wp-block-column-is-layout-flow\" style=\"flex-basis:100%\">\n<div class=\"wp-block-essential-blocks-countdown  root-eb-countdown-vlz2v\"><div class=\"eb-parent-wrapper eb-parent-eb-countdown-vlz2v \"><div class=\"eb-countdown-vlz2v eb-cd-wrapper default\"><div class=\"eb-cd-inner\" blockid=\"eb-countdown-vlz2v\" data-deadline-time=\"1755846000000\" data-is-evergreen-time=\"false\" data-evergreen-time-hours=\"11\" data-evergreen-time-minutes=\"59\" data-evergreen-recurring=\"false\" data-evergreen-restart-time=\"0\" data-evergreen-deadline-time=\"1728988182873\"><div class=\"box cd-box-day\"><span class=\"eb-cd-digit\">00<\/span><span class=\"eb-cd-label\">Jours<\/span><\/div><div class=\"box cd-box-hour\"><span class=\"eb-cd-digit\">00<\/span><span class=\"eb-cd-label\">Heures<\/span><\/div><div class=\"box cd-box-minute\"><span class=\"eb-cd-digit\">00<\/span><span class=\"eb-cd-label\">Minutes<\/span><\/div><div class=\"box cd-box-second\"><span class=\"eb-cd-digit\">00<\/span><span class=\"eb-cd-label\">Seconds<\/span><\/div><\/div><\/div><\/div><\/div>\n<\/div>\n<\/div>\n<\/div><\/section>\n\n\n\n<div class=\"wp-block-cover alignfull is-light has-text-color\" style=\"color:#eb6200;margin-top:0;margin-bottom:0;padding-top:80px;padding-bottom:180px;min-height:1516px;aspect-ratio:unset;\"><span aria-hidden=\"true\" class=\"wp-block-cover__background has-white-background-color has-background-dim\"><\/span><div class=\"wp-block-cover__inner-container is-layout-constrained wp-container-core-cover-is-layout-9e524fa3 wp-block-cover-is-layout-constrained\">\n<h2 class=\"wp-block-heading has-text-align-center has-text-color\" style=\"color:#00373e;font-size:48px;font-style:normal;font-weight:400;line-height:1.2\">3 jours de Festival \u00e0 1250m d&rsquo;altitude<\/h2>\n\n\n\n<div class=\"wp-block-group has-border-color is-vertical is-content-justification-center is-layout-flex wp-container-core-group-is-layout-2a8e2c8a wp-block-group-is-layout-flex\" style=\"border-color:#fbd3b6;border-width:3px;border-radius:74px;padding-top:32px;padding-right:32px;padding-bottom:32px;padding-left:32px\">\n<div class=\"wp-block-group is-content-justification-center\" style=\"margin-top:30px\"><div class=\"wp-block-group__inner-container is-layout-constrained wp-container-core-group-is-layout-19a62e8e wp-block-group-is-layout-constrained\">\n<div class=\"wp-block-buttons alignfull is-horizontal is-content-justification-right is-layout-flex wp-container-core-buttons-is-layout-783e43c9 wp-block-buttons-is-layout-flex\" style=\"margin-top:0.21rem\">\n<div class=\"wp-block-button is-style-fill\"><a class=\"wp-block-button__link has-white-color has-luminous-vivid-amber-background-color has-text-color has-background has-custom-font-size wp-element-button\" href=\"https:\/\/festirural.org\/index.php\/programation-3-jours\/\" style=\"border-style:none;border-width:0px;border-radius:8.48rem;padding-top:1.1rem;padding-right:0.81rem;padding-bottom:1.1rem;padding-left:0.81rem;font-size:2rem;font-style:normal;font-weight:500;line-height:1;text-transform:uppercase\">Programmation<\/a><\/div>\n<\/div>\n<\/div><\/div>\n<\/div>\n\n\n<div class=\"wp-block-image\">\n<figure class=\"aligncenter size-large is-resized\"><img decoding=\"async\" width=\"724\" height=\"1024\" src=\"http:\/\/festirural.org\/wp-content\/uploads\/2024\/11\/programme-FestiRural_page-0001-4-724x1024.jpg\" alt=\"\" class=\"wp-image-833\" style=\"width:623px;height:auto\" srcset=\"http:\/\/festirural.org\/wp-content\/uploads\/2024\/11\/programme-FestiRural_page-0001-4-724x1024.jpg 724w, http:\/\/festirural.org\/wp-content\/uploads\/2024\/11\/programme-FestiRural_page-0001-4-212x300.jpg 212w, http:\/\/festirural.org\/wp-content\/uploads\/2024\/11\/programme-FestiRural_page-0001-4-768x1086.jpg 768w, http:\/\/festirural.org\/wp-content\/uploads\/2024\/11\/programme-FestiRural_page-0001-4-1086x1536.jpg 1086w, http:\/\/festirural.org\/wp-content\/uploads\/2024\/11\/programme-FestiRural_page-0001-4.jpg 1241w\" sizes=\"(max-width: 724px) 100vw, 724px\" \/><\/figure><\/div>\n\n\n<div class=\"wp-block-columns is-layout-flex wp-container-core-columns-is-layout-21ff5776 wp-block-columns-is-layout-flex\" style=\"margin-top:36px\">\n<div class=\"wp-block-column is-layout-flow wp-block-column-is-layout-flow\"><\/div>\n<\/div>\n\n\n\n<hr class=\"wp-block-separator has-text-color has-alpha-channel-opacity has-background is-style-wide\" style=\"margin-top:60px;background-color:#fbd3b6;color:#fbd3b6\"\/>\n\n\n\n<h2 class=\"wp-block-heading has-text-align-center has-text-color\" style=\"color:#00373e;margin-top:80px;font-size:60px;font-style:normal;font-weight:400;line-height:1.2;text-transform:capitalize\">Venez d\u00e9couvrir&#8230;<\/h2>\n\n\n\n<p class=\"has-text-align-center has-text-color\" style=\"color:#00373e;margin-top:16px;font-size:24px;font-style:normal;font-weight:300\"><\/p>\n\n\n\n<div class=\"wp-block-columns is-layout-flex wp-container-core-columns-is-layout-1c5a240d wp-block-columns-is-layout-flex\" style=\"margin-top:100px;padding-right:40px;padding-left:40px\">\n<div class=\"wp-block-column is-layout-flow wp-block-column-is-layout-flow\">\n<div class=\"wp-block-essential-blocks-advanced-image  root-eb-advanced-image-l219u\"><div class=\"eb-parent-wrapper eb-parent-eb-advanced-image-l219u \"><figure class=\"eb-advanced-image-wrapper eb-advanced-image-l219u img-style-rounded caption-style-1 caption-horizontal-center caption-vertical-bottom bottom no-effect\" data-id=\"eb-advanced-image-l219u\"><div class=\"image-wrapper\"><img decoding=\"async\" src=\"https:\/\/festirural.org\/wp-content\/uploads\/2024\/11\/vel.png\" alt=\"\"\/><\/div><\/figure><\/div><\/div>\n\n\n\n<h3 class=\"wp-block-heading has-text-align-center has-text-color\" style=\"color:#00373e;margin-top:0px;font-size:32px;font-style:normal;font-weight:400\">Val\u00e9rie Jousseaume<\/h3>\n\n\n\n<p class=\"has-text-align-center has-text-color\" style=\"color:#00373e;margin-top:12px;font-size:16px;font-style:normal;font-weight:300\">G\u00e9ographe, Enseignante chercheuse \u00e0 l&rsquo;universit\u00e9 de Nantes, Val\u00e9rie Jousseaume <strong>r\u00e9alise un \u00e9tat des lieux et remet la campagne en perspective<\/strong>. Elle interroge le r\u00f4le et les atouts des territoires dans la transition soci\u00e9tale.&nbsp;<\/p>\n<\/div>\n\n\n\n<div class=\"wp-block-column is-layout-flow wp-block-column-is-layout-flow\">\n<div class=\"wp-block-essential-blocks-advanced-image  root-eb-advanced-image-7c4aq\"><div class=\"eb-parent-wrapper eb-parent-eb-advanced-image-7c4aq \"><figure class=\"eb-advanced-image-wrapper eb-advanced-image-7c4aq img-style-rounded caption-style-1 caption-horizontal-center caption-vertical-bottom bottom no-effect\" data-id=\"eb-advanced-image-7c4aq\"><div class=\"image-wrapper\"><img decoding=\"async\" src=\"https:\/\/festirural.org\/wp-content\/uploads\/2024\/11\/blondin-et-la-bande-des-terriens-chanson-rock-festif_757409.jpg\" alt=\"\"\/><\/div><\/figure><\/div><\/div>\n\n\n\n<h3 class=\"wp-block-heading has-text-align-center has-text-color\" style=\"color:#00373e;margin-top:0px;font-size:32px;font-style:normal;font-weight:400\">Blondin et la bande des Terriens<\/h3>\n\n\n\n<p class=\"has-text-align-center has-text-color\" style=\"color:#00373e;margin-top:12px;font-size:16px;font-style:normal;font-weight:300\">\u2026 de la chanson fran\u00e7aise rock festive, une rythmique puissante, \u00e9nergique, des guitares rugueuses, un accord\u00e9on inventif&#8230; Des textes qui ont leur mot \u00e0 dire, et des m\u00e9lodies qui vous restent dans la t\u00eate jusqu\u2019\u00e0 au moins\u2026 le prochain morceau. Blondin aime vivre sur sc\u00e8ne, \u00e7a s\u2019entend et \u00e7a se voit.<\/p>\n<\/div>\n\n\n\n<div class=\"wp-block-column is-layout-flow wp-block-column-is-layout-flow\">\n<div class=\"wp-block-essential-blocks-advanced-image  root-eb-advanced-image-u1689\"><div class=\"eb-parent-wrapper eb-parent-eb-advanced-image-u1689 \"><figure class=\"eb-advanced-image-wrapper eb-advanced-image-u1689 img-style-rounded caption-style-1 caption-horizontal-center caption-vertical-bottom bottom no-effect\" data-id=\"eb-advanced-image-u1689\"><div class=\"image-wrapper\"><img decoding=\"async\" src=\"https:\/\/festirural.org\/wp-content\/uploads\/2024\/11\/theatre-200716_1280.jpg\" alt=\"\"\/><\/div><\/figure><\/div><\/div>\n\n\n\n<h3 class=\"wp-block-heading has-text-align-center has-text-color\" style=\"color:#00373e;margin-top:0px;font-size:32px;font-style:normal;font-weight:400\">Et plein d&rsquo;autres encore&#8230;<\/h3>\n\n\n\n<p class=\"has-text-align-center has-text-color\" style=\"color:#00373e;margin-top:12px;font-size:16px;font-style:normal;font-weight:300\">Du th\u00e9\u00e2tre au concert, en passant par la rencontre avec les acteurs locaux et les r\u00e9cits captivants de Fanny, notre conteuse, ce programme promet une immersion totale dans un univers o\u00f9 les arts, les histoires et les \u00e9changes humains se croisent pour cr\u00e9er des moments uniques.<\/p>\n<\/div>\n<\/div>\n<\/div><\/div>\n\n\n\n<div class=\"wp-block-essential-blocks-advanced-image  root-eb-advanced-image-aidio\"><div class=\"eb-parent-wrapper eb-parent-eb-advanced-image-aidio \"><figure class=\"eb-advanced-image-wrapper eb-advanced-image-aidio img-style-rounded caption-style-1 caption-horizontal-center caption-vertical-bottom bottom no-effect\" data-id=\"eb-advanced-image-aidio\"><div class=\"image-wrapper\"><img decoding=\"async\" src=\"https:\/\/festirural.org\/wp-content\/uploads\/2024\/11\/Festi-rural-proposition_page-0001.jpg\" alt=\"\"\/><\/div><\/figure><\/div><\/div>\n\n\n\n<p><\/p>\n\n\n\n<p><\/p>\n","protected":false},"excerpt":{"rendered":"","protected":false},"author":1,"featured_media":814,"parent":0,"menu_order":0,"comment_status":"closed","ping_status":"closed","template":"","meta":{"_eb_attr":"","footnotes":""},"class_list":["post-38","page","type-page","status-publish","has-post-thumbnail","hentry","entry","has-media"],"yoast_head":"<!-- This site is optimized with the Yoast SEO plugin v24.8.1 - https:\/\/yoast.com\/wordpress\/plugins\/seo\/ -->\n<title>FestiRural<\/title>\n<meta name=\"description\" content=\"F\u00eater le rural dans le cantal, au Lioran le 22. 23. 24 aout.\" \/>\n<meta name=\"robots\" content=\"index, follow, max-snippet:-1, max-image-preview:large, max-video-preview:-1\" \/>\n<link rel=\"canonical\" href=\"https:\/\/festirural.org\/\" \/>\n<meta property=\"og:locale\" content=\"fr_FR\" \/>\n<meta property=\"og:type\" content=\"article\" \/>\n<meta property=\"og:title\" content=\"FestiRural\" \/>\n<meta property=\"og:description\" content=\"F\u00eater le rural dans le cantal, au Lioran le 22. 23. 24 aout.\" \/>\n<meta property=\"og:url\" content=\"https:\/\/festirural.org\/\" \/>\n<meta property=\"og:site_name\" content=\"Festi&#039;Rural 2025\" \/>\n<meta property=\"article:modified_time\" content=\"2025-06-22T19:01:27+00:00\" \/>\n<meta property=\"og:image\" content=\"https:\/\/festirural.org\/wp-content\/uploads\/2024\/11\/programme-FestiRural_page-0001-2.jpg\" \/>\n\t<meta property=\"og:image:width\" content=\"1241\" \/>\n\t<meta property=\"og:image:height\" content=\"1755\" \/>\n\t<meta property=\"og:image:type\" content=\"image\/jpeg\" \/>\n<meta name=\"twitter:card\" content=\"summary_large_image\" \/>\n<meta name=\"twitter:label1\" content=\"Dur\u00e9e de lecture estim\u00e9e\" \/>\n\t<meta name=\"twitter:data1\" content=\"3 minutes\" \/>\n<script type=\"application\/ld+json\" class=\"yoast-schema-graph\">{\"@context\":\"https:\/\/schema.org\",\"@graph\":[{\"@type\":\"WebPage\",\"@id\":\"https:\/\/festirural.org\/\",\"url\":\"https:\/\/festirural.org\/\",\"name\":\"FestiRural\",\"isPartOf\":{\"@id\":\"https:\/\/festirural.org\/#website\"},\"primaryImageOfPage\":{\"@id\":\"https:\/\/festirural.org\/#primaryimage\"},\"image\":{\"@id\":\"https:\/\/festirural.org\/#primaryimage\"},\"thumbnailUrl\":\"http:\/\/festirural.org\/wp-content\/uploads\/2024\/11\/programme-FestiRural_page-0001-2.jpg\",\"datePublished\":\"2024-09-16T13:31:56+00:00\",\"dateModified\":\"2025-06-22T19:01:27+00:00\",\"description\":\"F\u00eater le rural dans le cantal, au Lioran le 22. 23. 24 aout.\",\"breadcrumb\":{\"@id\":\"https:\/\/festirural.org\/#breadcrumb\"},\"inLanguage\":\"fr-FR\",\"potentialAction\":[{\"@type\":\"ReadAction\",\"target\":[\"https:\/\/festirural.org\/\"]}]},{\"@type\":\"ImageObject\",\"inLanguage\":\"fr-FR\",\"@id\":\"https:\/\/festirural.org\/#primaryimage\",\"url\":\"http:\/\/festirural.org\/wp-content\/uploads\/2024\/11\/programme-FestiRural_page-0001-2.jpg\",\"contentUrl\":\"http:\/\/festirural.org\/wp-content\/uploads\/2024\/11\/programme-FestiRural_page-0001-2.jpg\",\"width\":1241,\"height\":1755},{\"@type\":\"BreadcrumbList\",\"@id\":\"https:\/\/festirural.org\/#breadcrumb\",\"itemListElement\":[{\"@type\":\"ListItem\",\"position\":1,\"name\":\"Accueil\",\"item\":\"https:\/\/festirural.org\/\"},{\"@type\":\"ListItem\",\"position\":2,\"name\":\"accueil\"}]},{\"@type\":\"WebSite\",\"@id\":\"https:\/\/festirural.org\/#website\",\"url\":\"https:\/\/festirural.org\/\",\"name\":\"Festi&#039;Rural 2025\",\"description\":\"Le Lioran - Cantal\",\"publisher\":{\"@id\":\"https:\/\/festirural.org\/#organization\"},\"potentialAction\":[{\"@type\":\"SearchAction\",\"target\":{\"@type\":\"EntryPoint\",\"urlTemplate\":\"https:\/\/festirural.org\/?s={search_term_string}\"},\"query-input\":{\"@type\":\"PropertyValueSpecification\",\"valueRequired\":true,\"valueName\":\"search_term_string\"}}],\"inLanguage\":\"fr-FR\"},{\"@type\":\"Organization\",\"@id\":\"https:\/\/festirural.org\/#organization\",\"name\":\"Festi&#039;Rural 2025\",\"url\":\"https:\/\/festirural.org\/\",\"logo\":{\"@type\":\"ImageObject\",\"inLanguage\":\"fr-FR\",\"@id\":\"https:\/\/festirural.org\/#\/schema\/logo\/image\/\",\"url\":\"http:\/\/festirural.org\/wp-content\/uploads\/2024\/09\/cropped-cropped-2024-06-21_16h16_46-removebg-preview.png\",\"contentUrl\":\"http:\/\/festirural.org\/wp-content\/uploads\/2024\/09\/cropped-cropped-2024-06-21_16h16_46-removebg-preview.png\",\"width\":571,\"height\":428,\"caption\":\"Festi&#039;Rural 2025\"},\"image\":{\"@id\":\"https:\/\/festirural.org\/#\/schema\/logo\/image\/\"}}]}<\/script>\n<!-- \/ Yoast SEO plugin. -->","yoast_head_json":{"title":"FestiRural","description":"F\u00eater le rural dans le cantal, au Lioran le 22. 23. 24 aout.","robots":{"index":"index","follow":"follow","max-snippet":"max-snippet:-1","max-image-preview":"max-image-preview:large","max-video-preview":"max-video-preview:-1"},"canonical":"https:\/\/festirural.org\/","og_locale":"fr_FR","og_type":"article","og_title":"FestiRural","og_description":"F\u00eater le rural dans le cantal, au Lioran le 22. 23. 24 aout.","og_url":"https:\/\/festirural.org\/","og_site_name":"Festi&#039;Rural 2025","article_modified_time":"2025-06-22T19:01:27+00:00","og_image":[{"width":1241,"height":1755,"url":"https:\/\/festirural.org\/wp-content\/uploads\/2024\/11\/programme-FestiRural_page-0001-2.jpg","type":"image\/jpeg"}],"twitter_card":"summary_large_image","twitter_misc":{"Dur\u00e9e de lecture estim\u00e9e":"3 minutes"},"schema":{"@context":"https:\/\/schema.org","@graph":[{"@type":"WebPage","@id":"https:\/\/festirural.org\/","url":"https:\/\/festirural.org\/","name":"FestiRural","isPartOf":{"@id":"https:\/\/festirural.org\/#website"},"primaryImageOfPage":{"@id":"https:\/\/festirural.org\/#primaryimage"},"image":{"@id":"https:\/\/festirural.org\/#primaryimage"},"thumbnailUrl":"http:\/\/festirural.org\/wp-content\/uploads\/2024\/11\/programme-FestiRural_page-0001-2.jpg","datePublished":"2024-09-16T13:31:56+00:00","dateModified":"2025-06-22T19:01:27+00:00","description":"F\u00eater le rural dans le cantal, au Lioran le 22. 23. 24 aout.","breadcrumb":{"@id":"https:\/\/festirural.org\/#breadcrumb"},"inLanguage":"fr-FR","potentialAction":[{"@type":"ReadAction","target":["https:\/\/festirural.org\/"]}]},{"@type":"ImageObject","inLanguage":"fr-FR","@id":"https:\/\/festirural.org\/#primaryimage","url":"http:\/\/festirural.org\/wp-content\/uploads\/2024\/11\/programme-FestiRural_page-0001-2.jpg","contentUrl":"http:\/\/festirural.org\/wp-content\/uploads\/2024\/11\/programme-FestiRural_page-0001-2.jpg","width":1241,"height":1755},{"@type":"BreadcrumbList","@id":"https:\/\/festirural.org\/#breadcrumb","itemListElement":[{"@type":"ListItem","position":1,"name":"Accueil","item":"https:\/\/festirural.org\/"},{"@type":"ListItem","position":2,"name":"accueil"}]},{"@type":"WebSite","@id":"https:\/\/festirural.org\/#website","url":"https:\/\/festirural.org\/","name":"Festi&#039;Rural 2025","description":"Le Lioran - Cantal","publisher":{"@id":"https:\/\/festirural.org\/#organization"},"potentialAction":[{"@type":"SearchAction","target":{"@type":"EntryPoint","urlTemplate":"https:\/\/festirural.org\/?s={search_term_string}"},"query-input":{"@type":"PropertyValueSpecification","valueRequired":true,"valueName":"search_term_string"}}],"inLanguage":"fr-FR"},{"@type":"Organization","@id":"https:\/\/festirural.org\/#organization","name":"Festi&#039;Rural 2025","url":"https:\/\/festirural.org\/","logo":{"@type":"ImageObject","inLanguage":"fr-FR","@id":"https:\/\/festirural.org\/#\/schema\/logo\/image\/","url":"http:\/\/festirural.org\/wp-content\/uploads\/2024\/09\/cropped-cropped-2024-06-21_16h16_46-removebg-preview.png","contentUrl":"http:\/\/festirural.org\/wp-content\/uploads\/2024\/09\/cropped-cropped-2024-06-21_16h16_46-removebg-preview.png","width":571,"height":428,"caption":"Festi&#039;Rural 2025"},"image":{"@id":"https:\/\/festirural.org\/#\/schema\/logo\/image\/"}}]}},"_links":{"self":[{"href":"http:\/\/festirural.org\/index.php\/wp-json\/wp\/v2\/pages\/38","targetHints":{"allow":["GET"]}}],"collection":[{"href":"http:\/\/festirural.org\/index.php\/wp-json\/wp\/v2\/pages"}],"about":[{"href":"http:\/\/festirural.org\/index.php\/wp-json\/wp\/v2\/types\/page"}],"author":[{"embeddable":true,"href":"http:\/\/festirural.org\/index.php\/wp-json\/wp\/v2\/users\/1"}],"replies":[{"embeddable":true,"href":"http:\/\/festirural.org\/index.php\/wp-json\/wp\/v2\/comments?post=38"}],"version-history":[{"count":108,"href":"http:\/\/festirural.org\/index.php\/wp-json\/wp\/v2\/pages\/38\/revisions"}],"predecessor-version":[{"id":1027,"href":"http:\/\/festirural.org\/index.php\/wp-json\/wp\/v2\/pages\/38\/revisions\/1027"}],"wp:featuredmedia":[{"embeddable":true,"href":"http:\/\/festirural.org\/index.php\/wp-json\/wp\/v2\/media\/814"}],"wp:attachment":[{"href":"http:\/\/festirural.org\/index.php\/wp-json\/wp\/v2\/media?parent=38"}],"curies":[{"name":"wp","href":"https:\/\/api.w.org\/{rel}","templated":true}]}}